{"id":3,"date":"2021-04-14T17:23:36","date_gmt":"2021-04-14T17:23:36","guid":{"rendered":"https:\/\/dorasilagyi.hu\/?page_id=3"},"modified":"2021-06-02T15:19:07","modified_gmt":"2021-06-02T15:19:07","slug":"adatkezelesi-tajekoztato","status":"publish","type":"page","link":"https:\/\/dorasilagyi.hu\/en\/adatkezelesi-tajekoztato\/","title":{"rendered":"Privacy Policy"},"content":{"rendered":"<p>[et_pb_section fb_built=\u201d1\u2033 _builder_version=\u201d4.9.4\u2033 _module_preset=\u201ddefault\u201d da_disable_devices=\u201doff|off|off\u201d da_is_popup=\u201doff\u201d da_exit_intent=\u201doff\u201d da_has_close=\u201don\u201d da_alt_close=\u201doff\u201d da_dark_close=\u201doff\u201d \u201doff\u201d da_not_modal=\u201don\u201d da_is_singular=\u201doff\u201d da_with_loader=\u201doff\u201d da_has_shadow=\u201don\u201d][et_pb_row _builder_version=\u201d4.9.4\u2033 _module_preset=\u201ddefault\u201d][et_pb_column type=\u201d4_4\u2033 _builder_version=\u201d4.9.4\u2033 .4\u2033 _module_preset=\u201ddefault\u201d][et_pb_text _builder_version=\u201d4.9.4\u2033 _module_preset=\u201ddefault\u201d hover_enabled=\u201d0\u2033 sticky_enabled=\u201d0\u2033]<\/p>\n<h1 style=\"text-align: center;\"><b>Privacy Policy <\/b><\/h1>\n<h1 style=\"text-align: center;\"><b style=\"font-size: 16px;\">May 1, 2021\u00a0<\/b><\/h1>\n<h3 style=\"text-align: center;\"><span style=\"font-weight: 400;\">Dora Silagyi Jewellery Privacy Policy\u00a0<\/span><\/h3>\n<p><span style=\"font-weight: 400;\"><\/span><\/p>\n<p><span style=\"font-weight: 400;\"><\/span><\/p>\n<p><span style=\"font-weight: 400;\"><\/span><\/p>\n<ol>\n<li><b> INTRODUCTION\u00a0<\/b><\/li>\n<\/ol>\n<p><span style=\"font-weight: 400;\">This privacy policy (hereinafter referred to as the Policy) is in accordance with the General Data Protection Regulation (GDPR).<\/span><span style=\"font-weight: 400;\">1<\/span><span style=\"font-weight: 400;\">, the Infotv.<\/span><span style=\"font-weight: 400;\">2<\/span><span style=\"font-weight: 400;\">, and other relevant legislation for the operation of the Webshop. The list of legislation is contained in Annex 1 of the Information, and the most important terms are described in Annex 2.\u00a0<\/span><\/p>\n<p><span style=\"font-weight: 400;\">The scope of this information is operated by Szil\u00e1gyi Dorottya Zita EV. (hereinafter referred to as the Data Controller). <\/span><span style=\"font-weight: 400;\">www.dorasilagyi.hu <\/span><span style=\"font-weight: 400;\">It covers all data processing carried out in connection with the operation of the webshop (hereinafter referred to as the \u201cWebshop\u201d) available on the website. The Data Controller uses a Data Processor during certain data processing activities, information about which is provided in Annex 3.\u00a0<\/span><\/p>\n<table>\n<tbody>\n<tr>\n<td><b>1. <\/b><span style=\"font-weight: 400;\">Data processing related to the payment of the price of an ordered product<\/span><\/td>\n<\/tr>\n<tr>\n<td><b>2. <\/b><span style=\"font-weight: 400;\">Data processing related to the delivery and personal receipt of ordered products<\/span><\/td>\n<\/tr>\n<tr>\n<td><b>3. <\/b><span style=\"font-weight: 400;\">Staying in touch<\/span><\/td>\n<\/tr>\n<tr>\n<td><b>4. <\/b><span style=\"font-weight: 400;\">Personal data processed for accounting purposes<\/span><\/td>\n<\/tr>\n<tr>\n<td><b>5. <\/b><span style=\"font-weight: 400;\">Complaint handling<\/span><\/td>\n<\/tr>\n<tr>\n<td><b>6. <\/b><span style=\"font-weight: 400;\">Personal data processed for contact purposes<\/span><\/td>\n<\/tr>\n<\/tbody>\n<\/table>\n<p>&nbsp;<\/p>\n<p><span style=\"font-weight: 400;\">The Notice is effective from May 1, 2021 until withdrawn. The Data Controller reserves the right to unilaterally change the Notice at any time. In the event of a change to the Notice, the Data Controller will immediately post a notice on the Webshop interface and inform registered users thereof.\u00a0<\/span><\/p>\n<p><span style=\"font-weight: 400;\">\u00a0<\/span><\/p>\n<p><span style=\"font-weight: 400;\">1 <\/span><span style=\"font-weight: 400;\">GDPR: Regulation (EU) 2016\/679 of the European Parliament and of the Council\u00a0<\/span><\/p>\n<p><span style=\"font-weight: 400;\">2 <\/span><span style=\"font-weight: 400;\">Infotv: Act CXII of 2011 on the right to informational self-determination and freedom of information<\/span><\/p>\n<p>&nbsp;<\/p>\n<ol>\n<li><b> DATA CONTROLLER INFORMATION<\/b><\/li>\n<\/ol>\n<table>\n<tbody>\n<tr>\n<td><span style=\"font-weight: 400;\">Name of the data controller\u00a0<\/span><\/td>\n<td><span style=\"font-weight: 400;\">Dorottya Zita Szil\u00e1gyi EV.<\/span><\/td>\n<\/tr>\n<tr>\n<td><span style=\"font-weight: 400;\">Title\u00a0<\/span><\/td>\n<td><span style=\"font-weight: 400;\">7623 P\u00e9cs, R\u00e9t Street 35.<\/span><\/td>\n<\/tr>\n<tr>\n<td><span style=\"font-weight: 400;\">Tax number\u00a0<\/span><\/td>\n<td><span style=\"font-weight: 400;\">56802915-1-22<\/span><\/td>\n<\/tr>\n<tr>\n<td><span style=\"font-weight: 400;\">E-mail\u00a0<\/span><\/td>\n<td><span style=\"font-weight: 400;\">studio@dorasilagyi.hu<\/span><\/td>\n<\/tr>\n<tr>\n<td><span style=\"font-weight: 400;\">Further contact details\u00a0<\/span><\/td>\n<td><span style=\"font-weight: 400;\">www.dorasilagyi.hu<\/span><\/td>\n<\/tr>\n<\/tbody>\n<\/table>\n<p>&nbsp;<\/p>\n<p>&nbsp;<\/p>\n<p><b>III. DATA PROCESSING\u00a0<\/b><\/p>\n<p><b>III.1. Data processing related to the payment of the price of an ordered product\u00a0<\/b><\/p>\n<p><span style=\"font-weight: 400;\">The following payment methods can be used to pay for products ordered on the Webshop.\u00a0<\/span><\/p>\n<table>\n<tbody>\n<tr>\n<td><\/td>\n<td>\n<p><b>a) Purchase price personal <\/b><b>\u00a0<\/b><\/p>\n<p><b>settlement by personal collection <\/b><b>\u00a0<\/b><b>in case of<\/b><\/p>\n<\/td>\n<td><b>b) Direct bank transfer<\/b><\/td>\n<\/tr>\n<tr>\n<td>\n<p><b>Data management\u00a0\u00a0<\/b><\/p>\n<p><b>purpose\u00a0<\/b><\/p>\n<\/td>\n<td colspan=\"2\"><span style=\"font-weight: 400;\">Paying the purchase price of the ordered product<\/span><\/td>\n<\/tr>\n<tr>\n<td><b>Scope of data processed<\/b><\/td>\n<td>\n<p><b>1. <\/b><span style=\"font-weight: 400;\">last name and first name\u00a0<\/span><\/p>\n<p><b>2. <\/b><span style=\"font-weight: 400;\">company name\u00a0<\/span><\/p>\n<p><b>3. <\/b><span style=\"font-weight: 400;\">product identifier\u00a0<\/span><\/p>\n<p><b>4. <\/b><span style=\"font-weight: 400;\">product value\u00a0<\/span><\/p>\n<p><span style=\"font-weight: 400;\">payment time.<\/span><\/p>\n<\/td>\n<td>\n<p><b>1. <\/b><span style=\"font-weight: 400;\">last name and first name\u00a0<\/span><\/p>\n<p><b>2. <\/b><span style=\"font-weight: 400;\">company name\u00a0<\/span><\/p>\n<p><b>3. <\/b><span style=\"font-weight: 400;\">bank account number\u00a0<\/span><\/p>\n<p><b>4. <\/b><span style=\"font-weight: 400;\">order ID\u00a0<\/span><\/p>\n<p><b>5. <\/b><span style=\"font-weight: 400;\">ordered product\u00a0\u00a0<\/span><\/p>\n<p><span style=\"font-weight: 400;\">its equivalent\u00a0<\/span><\/p>\n<p><b>6. <\/b><span style=\"font-weight: 400;\">payment time<\/span><\/p>\n<\/td>\n<\/tr>\n<tr>\n<td rowspan=\"2\"><b>Legal basis\u00a0<\/b><\/td>\n<td colspan=\"2\">\n<p><span style=\"font-weight: 400;\">a) In the case of a natural person customer:\u00a0<\/span><\/p>\n<p><span style=\"font-weight: 400;\">GDPR Article 6(1)(b) <\/span><b>\u2013 conclusion and performance of a contract for the sale of the product.\u00a0<\/b><\/p>\n<p><span style=\"font-weight: 400;\">If personal data is not provided or is not provided correctly, the order cannot be fulfilled.<\/span><\/p>\n<\/td>\n<\/tr>\n<tr>\n<td colspan=\"2\"><span style=\"font-weight: 400;\">b) In the case of a customer contact person who is not a natural person: Article 6(1)(f) of the GDPR \u2013 <\/span><b>the Data Controller&#039;s legitimate interest in selling the product.<\/b><\/td>\n<\/tr>\n<tr>\n<td><b>Period\u00a0<\/b><\/td>\n<td colspan=\"2\"><span style=\"font-weight: 400;\">Data controller of accounting documents <\/span><b>Obliged for 8 years <\/b><span style=\"font-weight: 400;\">to preserve<\/span><\/td>\n<\/tr>\n<tr>\n<td><b>Data processor\u00a0<\/b><\/td>\n<td><span style=\"font-weight: 400;\">&#8211;\u00a0<\/span><\/td>\n<td><span style=\"font-weight: 400;\">Raiffeisen Bank Ltd.<\/span><\/td>\n<\/tr>\n<\/tbody>\n<\/table>\n<p>&nbsp;<\/p>\n<ol>\n<li><b><i>b) Direct bank transfer\u00a0<\/i><\/b><\/li>\n<\/ol>\n<p><span style=\"font-weight: 400;\">If you choose this payment method, you are obliged to transfer the value of the ordered product(s) from your own current account to the account held by the Data Controller at Raiffeisen Bank Zrt. (registered office: 1133 Budapest, V\u00e1ci \u00fat 116-118.; company registration number: 01 10 041042.). Further information regarding the data processing of which <\/span><span style=\"font-weight: 400;\">at this link <\/span><span style=\"font-weight: 400;\">\u00a0<\/span><span style=\"font-weight: 400;\">available<\/span><span style=\"font-weight: 400;\">.\u00a0<\/span><\/p>\n<p><span style=\"font-weight: 400;\">Raiffeisen Bank Zrt., as the Data Controller and the account-keeping bank, has primary access to personal data processed in connection with direct bank transfers. If proceedings have been initiated before a court or other authority, within the framework of which it becomes necessary to transfer personal data to the aforementioned bodies, then the court or authority may also have access to the personal data.\u00a0<\/span><\/p>\n<p><b>Rights of the data subject (detailed explanation in the Information) <\/b><b>Point V <\/b><b>included):<\/b><b>\u00a0<\/b><\/p>\n<ol>\n<li><b> the right to transparent information <\/b><span style=\"font-weight: 400;\">\u2013 with this information, the data controller provides information about the circumstances of data processing, i.e., among other things, who processes your personal data and for what purpose,\u00a0<\/span><\/li>\n<\/ol>\n<p>&nbsp;<\/p>\n<p><span style=\"font-weight: 400;\">on what basis and for how long it is processed, as well as what rights you have in connection with data processing, and who you can contact with questions or complaints regarding data processing; <\/span><b>2. the right to access your personal data <\/b><span style=\"font-weight: 400;\">\u2013 you can ask the data controller at any time whether your personal data is being processed, you can request full information about the data processing, and you can also request to receive a copy of your personal data;\u00a0<\/span><\/p>\n<ol start=\"3\">\n<li><b> the right to rectify your personal data <\/b><span style=\"font-weight: 400;\">\u2013 you may request that the data controller correct your inaccurate personal data or, if incomplete, complete them;\u00a0\u00a0<\/span><\/li>\n<li><b> the right to restrict data processing <\/b><span style=\"font-weight: 400;\">\u2013 you may request (e.g. for the purpose of asserting, exercising or defending legal claims) that the data controller only stores your personal data and does not process it in any other way;\u00a0<\/span><\/li>\n<li><b> information on the identity of the recipients of the information about the rectification, erasure or restriction of data processing \u2013 <\/b><span style=\"font-weight: 400;\">upon request, we will inform you of the referred recipients;\u00a0 <\/span><b>6. right to data portability \u2013 <\/b><span style=\"font-weight: 400;\">You may request that the personal data you have provided to the controller be provided to you in a structured, commonly used and machine-readable format.\u00a0<\/span><\/li>\n<\/ol>\n<p><span style=\"font-weight: 400;\">If you wish to exercise any of your data subject rights, please submit your request to the following address for quick processing:\u00a0 <\/span><span style=\"font-weight: 400;\">studio@dorasilagyi.hu <\/span><span style=\"font-weight: 400;\">by electronic mail address, or <\/span><span style=\"font-weight: 400;\">contact details given in point II.<\/span> <span style=\"font-weight: 400;\">please notify the Data Controller via one of the following:<\/span><\/p>\n<p>&nbsp;<\/p>\n<p><b>III.2. Data processing related to the delivery and personal receipt of ordered products\u00a0<\/b><\/p>\n<p><span style=\"font-weight: 400;\">The following methods are available to receive the product ordered on the Webshop.\u00a0<\/span><\/p>\n<table>\n<tbody>\n<tr>\n<td><\/td>\n<td><b>Foxpost\u00a0<\/b><\/td>\n<td colspan=\"2\"><b>Personal collection<\/b><\/td>\n<\/tr>\n<tr>\n<td>\n<p><b>Data management\u00a0\u00a0<\/b><\/p>\n<p><b>purpose<\/b><\/p>\n<\/td>\n<td colspan=\"3\"><span style=\"font-weight: 400;\">Data processing for the purpose of delivering the ordered product to the specified address or collecting it in person.<\/span><\/td>\n<\/tr>\n<tr>\n<td><b>Scope of data processed<\/b><\/td>\n<td>\n<p><b>1. <\/b><span style=\"font-weight: 400;\">Shipping name\u00a0<\/span><\/p>\n<p><b>2. <\/b><span style=\"font-weight: 400;\">Shipping address\u00a0<\/span><\/p>\n<p><b>3. <\/b><span style=\"font-weight: 400;\">Phone number\u00a0<\/span><\/p>\n<p><span style=\"font-weight: 400;\">(home delivery)\u00a0\u00a0<\/span><\/p>\n<p><span style=\"font-weight: 400;\">mandatory)\u00a0<\/span><\/p>\n<p><b>4. <\/b><span style=\"font-weight: 400;\">Email address (required)<\/span><\/p>\n<\/td>\n<td colspan=\"2\">\n<p><b>1. <\/b><span style=\"font-weight: 400;\">Recipient name\u00a0<\/span><\/p>\n<p><b>2. <\/b><span style=\"font-weight: 400;\">Other voluntarily provided personal information\u00a0\u00a0<\/span><\/p>\n<p><span style=\"font-weight: 400;\">data (availability)<\/span><\/p>\n<\/td>\n<\/tr>\n<tr>\n<td rowspan=\"2\"><b>Legal basis\u00a0<\/b><\/td>\n<td colspan=\"3\">\n<p><span style=\"font-weight: 400;\">a) In the case of a natural person customer:\u00a0<\/span><\/p>\n<p><span style=\"font-weight: 400;\">GDPR Article 6(1)(b) <\/span><b>\u2013 conclusion and performance of a contract for the sale of the product.\u00a0<\/b><\/p>\n<p><span style=\"font-weight: 400;\">If personal data is not provided or is not provided correctly, the order cannot be fulfilled.<\/span><\/p>\n<\/td>\n<\/tr>\n<tr>\n<td colspan=\"3\"><span style=\"font-weight: 400;\">b) In the case of a customer contact person who is not a natural person: Article 6(1)(f) of the GDPR \u2013 <\/span><b>the Data Controller&#039;s legitimate interest in selling the product.<\/b><\/td>\n<\/tr>\n<tr>\n<td><b>Period\u00a0<\/b><\/td>\n<td colspan=\"3\"><span style=\"font-weight: 400;\">Personal data is processed by the Data Controller and the Data Processor below for the product <\/span><b>until the time of receipt <\/b><span style=\"font-weight: 400;\">The data controller is obliged to keep accounting documents for 8 years.<\/span><\/td>\n<\/tr>\n<tr>\n<td><b>Data processor\u00a0<\/b><\/td>\n<td colspan=\"2\"><span style=\"font-weight: 400;\">Foxpost Ltd.\u00a0<\/span><\/td>\n<td><span style=\"font-weight: 400;\">&#8211;<\/span><\/td>\n<\/tr>\n<\/tbody>\n<\/table>\n<p>&nbsp;<\/p>\n<ol>\n<li><b><i>a) Foxpost Ltd.\u00a0<\/i><\/b><\/li>\n<\/ol>\n<p><span style=\"font-weight: 400;\">The personal data processed for the purpose of delivering the product is primarily processed by the Data Controller, or FoxPost Zrt. (3300 Eger, Pacsirta utca 35\/A. cjsz: 10-10-020309 tax number: 25034644-2-10, <\/span><span style=\"font-weight: 400;\">https:\/\/foxpost.hu\/csomagkuldes<\/span><span style=\"font-weight: 400;\">, <\/span><span style=\"font-weight: 400;\">foxpost_igazgatosag@foxpost.hu<\/span><span style=\"font-weight: 400;\">) may access it. If proceedings have been initiated before a court or other authority, within the framework of which it becomes necessary to transfer personal data to the aforementioned bodies, then the court or authority may also access the personal data.\u00a0<\/span><\/p>\n<ol>\n<li><b><i>b) Personal collection\u00a0<\/i><\/b><\/li>\n<\/ol>\n<p><span style=\"font-weight: 400;\">The Data Controller has primary access to personal data processed for the purpose of personal collection. If proceedings have been initiated before a court or other authority, in the framework of which it becomes necessary to transfer personal data to the aforementioned bodies,\u00a0<\/span><span style=\"font-weight: 400;\">In that case, the court or the authorities may also have access to the personal data.\u00a0<\/span><\/p>\n<p><b>Rights of the data subject (detailed explanation in the Information) <\/b><b>Point V <\/b><b>included):<\/b><b>\u00a0<\/b><\/p>\n<ol>\n<li><b> the right to transparent information <\/b><span style=\"font-weight: 400;\">\u2013 with this information, the data controller provides information about the circumstances of data processing, including who processes your personal data, for what purpose, on what basis and for how long, as well as what rights you have in connection with data processing and who you can contact with questions or complaints regarding data processing;\u00a0<\/span><\/li>\n<li><b> the right to access your personal data <\/b><span style=\"font-weight: 400;\">\u2013 you can ask the data controller at any time whether your personal data is being processed, you can request full information about the data processing, and you can also request to receive a copy of your personal data;\u00a0<\/span><\/li>\n<li><b> the right to rectify your personal data <\/b><span style=\"font-weight: 400;\">\u2013 you may request that the data controller correct your inaccurate personal data or, if incomplete, complete them;\u00a0\u00a0<\/span><\/li>\n<li><b> the right to erasure of your personal data <\/b><span style=\"font-weight: 400;\">\u2013 you may request that your personal data be deleted by the data controller; <\/span><b>5. the right to restrict data processing <\/b><span style=\"font-weight: 400;\">\u2013 you may request (e.g. for the purpose of asserting, exercising or defending legal claims) that the data controller only stores your personal data and does not process it in any other way;\u00a0<\/span><\/li>\n<li><b> information on the identity of the recipients of the information about the rectification, erasure or restriction of data processing \u2013 <\/b><span style=\"font-weight: 400;\">upon request, we will inform you of the referred recipients;\u00a0 <\/span><b>7. right to data portability \u2013 <\/b><span style=\"font-weight: 400;\">You may request that the personal data you have provided to the controller be provided to you in a structured, commonly used and machine-readable format. <\/span><b>8. right to object \u2013 <\/b><span style=\"font-weight: 400;\">may only be exercised by the contact person of the non-natural person customer\u00a0<\/span><\/li>\n<\/ol>\n<p><span style=\"font-weight: 400;\">If you wish to exercise any of your data subject rights, please submit your request to the following address for quick processing:\u00a0 <\/span><span style=\"font-weight: 400;\">studio@dorasilagyi.hu <\/span><span style=\"font-weight: 400;\">by electronic mail address, or <\/span><span style=\"font-weight: 400;\">contact details given in point II.<\/span> <span style=\"font-weight: 400;\">please notify the Data Controller via one of the following:<\/span><\/p>\n<p>&nbsp;<\/p>\n<p><b>III.3. Contact\u00a0<\/b><\/p>\n<table>\n<tbody>\n<tr>\n<td><b>Purpose of data processing\u00a0<\/b><\/td>\n<td><span style=\"font-weight: 400;\">Contact and communication between the data controller and the customers. This includes, for example, contact necessary for the details of the jewelry order.<\/span><\/td>\n<\/tr>\n<tr>\n<td><b>Scope of data processed\u00a0<\/b><\/td>\n<td><span style=\"font-weight: 400;\">first and last name, email address (if necessary)<\/span><\/td>\n<\/tr>\n<tr>\n<td rowspan=\"2\"><b>Legal basis\u00a0<\/b><\/td>\n<td>\n<p><span style=\"font-weight: 400;\">a) In the case of a natural person customer:\u00a0<\/span><\/p>\n<p><span style=\"font-weight: 400;\">GDPR Article 6(1)(b) \u2013 <\/span><b>conclusion and performance of the contract for the purchase of the product.<\/b><\/p>\n<\/td>\n<\/tr>\n<tr>\n<td>\n<p><span style=\"font-weight: 400;\">b) In the case of a customer contact person who is not a natural person:\u00a0<\/span><\/p>\n<p><span style=\"font-weight: 400;\">GDPR Article 6(1)(f) \u2013 <\/span><b>the legitimate interest of the Data Controller in the proper sale of the product.<\/b><\/p>\n<\/td>\n<\/tr>\n<tr>\n<td><b>Period\u00a0<\/b><\/td>\n<td><span style=\"font-weight: 400;\">The data controller stores personal data until the obligation to delete them arises, but no longer than 5 years (general limitation period for civil law claims).<\/span><\/td>\n<\/tr>\n<\/tbody>\n<\/table>\n<p>&nbsp;<\/p>\n<p><span style=\"font-weight: 400;\">Personal data processed for the purpose of maintaining contact may be accessed primarily by the Data Controller, or by Hostinger International Limited (61 Lordou Vironos Street 17. Lumiel Building, 4th floor 18. Larnaca, CY 6023, Cyprus) in the performance of its tasks related to the development of the Webshop, or as a hosting service provider. If proceedings are initiated before a court or other authority, within the framework of which it becomes necessary to transfer personal data to the aforementioned bodies, then the court or authority may also have access to the personal data.\u00a0<\/span><\/p>\n<p><b>Rights of the data subject (detailed explanation in the Information) <\/b><b>Point V <\/b><b>included):<\/b><b>\u00a0<\/b><\/p>\n<ol>\n<li><b> the right to transparent information <\/b><span style=\"font-weight: 400;\">\u2013 with this information, the data controller provides information about the circumstances of data processing, including who processes your personal data, for what purpose, on what basis and for how long, as well as what rights you have in connection with data processing and who you can contact with questions or complaints regarding data processing;\u00a0<\/span><\/li>\n<li><b> the right to access your personal data <\/b><span style=\"font-weight: 400;\">\u2013 you can ask the data controller at any time whether your personal data is being processed, you can request full information about the data processing, and you can also request to receive a copy of your personal data;\u00a0<\/span><\/li>\n<li><b> the right to rectify your personal data <\/b><span style=\"font-weight: 400;\">\u2013 you may request that the data controller correct your inaccurate personal data or, if incomplete, complete them;\u00a0\u00a0<\/span><\/li>\n<li><b> the right to erasure of your personal data <\/b><span style=\"font-weight: 400;\">\u2013 you may request that your personal data be deleted by the data controller; <\/span><b>5. the right to restrict data processing <\/b><span style=\"font-weight: 400;\">\u2013 you may request (e.g. for the purpose of asserting, exercising or defending legal claims) that the data controller only stores your personal data and does not process it in any other way;\u00a0<\/span><\/li>\n<li><b> information on the identity of the recipients of the information about the rectification, erasure or restriction of data processing \u2013 <\/b><span style=\"font-weight: 400;\">upon request, we will inform you of the referred recipients;\u00a0 <\/span><b>7. right to data portability \u2013 <\/b><span style=\"font-weight: 400;\">You may request that the personal data you have provided to the controller be provided to you in a structured, commonly used and machine-readable format. <\/span><b>8. right to object \u2013 <\/b><span style=\"font-weight: 400;\">may only be exercised by the contact person of the non-natural person customer<\/span><\/li>\n<\/ol>\n<p>&nbsp;<\/p>\n<p><span style=\"font-weight: 400;\">If you wish to exercise any of your data subject rights, please submit your request to the following address for quick processing:\u00a0 <\/span><span style=\"font-weight: 400;\">studio@dorasilagyi.hu <\/span><span style=\"font-weight: 400;\">by electronic mail address, or <\/span><span style=\"font-weight: 400;\">contact details given in point II.<\/span> <span style=\"font-weight: 400;\">please notify the Data Controller via one of the following:<\/span><\/p>\n<p>&nbsp;<\/p>\n<p><b>III.4. Personal data processed for accounting purposes\u00a0<\/b><\/p>\n<table>\n<tbody>\n<tr>\n<td><b>Purpose of data processing\u00a0<\/b><\/td>\n<td><span style=\"font-weight: 400;\">Fulfillment of the obligation to preserve accounting documents directly and indirectly supporting the accounting settlement, as specified in Act C of 2000 on Accounting (Accounting Act).<\/span><\/td>\n<\/tr>\n<tr>\n<td><b>Scope of data processed\u00a0<\/b><\/td>\n<td><span style=\"font-weight: 400;\">\u2013 last and first name, address, ordered product, order identifier, location of personal collection, payment method, price of ordered product.<\/span><\/td>\n<\/tr>\n<tr>\n<td><b>Legal basis\u00a0<\/b><\/td>\n<td>\n<p><span style=\"font-weight: 400;\">GDPR Article 6(1)(c) \u2013 Data controller <\/span><b>fulfillment of a legal obligation\u00a0<\/b><\/p>\n<p><span style=\"font-weight: 400;\">\u2013 Section 169 (2) of the Accounting Act.<\/span><\/p>\n<\/td>\n<\/tr>\n<tr>\n<td><b>Period\u00a0<\/b><\/td>\n<td><span style=\"font-weight: 400;\">Data controller of accounting documents <\/span><b>Obliged for 8 years <\/b><span style=\"font-weight: 400;\">to preserve.<\/span><\/td>\n<\/tr>\n<\/tbody>\n<\/table>\n<p>&nbsp;<\/p>\n<p><span style=\"font-weight: 400;\">The accounting documents directly and indirectly supporting the accounting settlement are primarily used by the Data Controller for the purpose of fulfilling the legal obligation specified in the Accounting Act. If proceedings have been initiated before a court or other authority, within the framework of which it becomes necessary to transfer the personal data to the aforementioned bodies, then the court or authority may also have access to the personal data.\u00a0<\/span><\/p>\n<p><b>Rights of the data subject (detailed explanation in the Information) <\/b><b>Point V <\/b><b>included):<\/b><b>\u00a0<\/b><\/p>\n<ol>\n<li><b> the right to transparent information <\/b><span style=\"font-weight: 400;\">\u2013 with this information, the data controller provides information about the circumstances of data processing, including who processes your personal data, for what purpose, on what basis and for how long, as well as what rights you have in connection with data processing and who you can contact with questions or complaints regarding data processing;\u00a0<\/span><\/li>\n<li><b> the right to access your personal data <\/b><span style=\"font-weight: 400;\">\u2013 you can ask the data controller at any time whether your personal data is being processed, you can request full information about the data processing, and you can also request to receive a copy of your personal data;\u00a0<\/span><\/li>\n<li><b> the right to rectify your personal data <\/b><span style=\"font-weight: 400;\">\u2013 you may request that the data controller correct your inaccurate personal data or, if incomplete, complete them;\u00a0\u00a0<\/span><\/li>\n<li><b> the right to restrict data processing <\/b><span style=\"font-weight: 400;\">\u2013 you may request (e.g. for the purpose of asserting, exercising or defending legal claims) that the data controller only stores your personal data and does not process it in any other way;\u00a0<\/span><\/li>\n<li><b> information on the identity of the recipients of the information about the rectification, erasure or restriction of data processing \u2013 <\/b><span style=\"font-weight: 400;\">upon request, we will inform you of the referred recipients;\u00a0\u00a0<\/span><\/li>\n<\/ol>\n<p><span style=\"font-weight: 400;\">If you wish to exercise any of your data subject rights, please submit your request to the following address for quick processing:\u00a0 <\/span><span style=\"font-weight: 400;\">studio@dorasilagyi.hu <\/span><span style=\"font-weight: 400;\">by electronic mail address, or <\/span><span style=\"font-weight: 400;\">contact details given in point II.<\/span> <span style=\"font-weight: 400;\">please notify the Data Controller via one of the following:<\/span><\/p>\n<p>&nbsp;<\/p>\n<p><b>III.5. Complaints handling\u00a0<\/b><\/p>\n<table>\n<tbody>\n<tr>\n<td><b>Purpose of data processing\u00a0<\/b><\/td>\n<td><span style=\"font-weight: 400;\">Handling quality - customer - objections and complaints related to products sold by the data controller.<\/span><\/td>\n<\/tr>\n<tr>\n<td><b>Scope of data processed\u00a0<\/b><\/td>\n<td><span style=\"font-weight: 400;\">\u2013 last and first name, address, telephone number, e-mail address, product data (name, purchase price), claim to be asserted, error, method of settlement, date of recording of the report, any other personal data included in the complaint, unique identification number of the complaint.<\/span><\/td>\n<\/tr>\n<tr>\n<td><b>Legal basis\u00a0<\/b><\/td>\n<td>\n<p><span style=\"font-weight: 400;\">GDPR Article 6 (1) point c) \u2013 Data controller\u00a0 <\/span><b>fulfillment of a legal obligation\u00a0<\/b><\/p>\n<p><span style=\"font-weight: 400;\">\u2013 Act CLV of 1997 on Consumer Protection, Section 17\/A<\/span><\/p>\n<\/td>\n<\/tr>\n<tr>\n<td><b>Period\u00a0<\/b><\/td>\n<td><span style=\"font-weight: 400;\">The data controller shall provide the minutes of the complaint and a copy of the response <\/span><b>Obliged for 3 years <\/b><span style=\"font-weight: 400;\">to be preserved and presented to the inspection authority upon request [Fgy. tv. 17\/A. \u00a7 (7)].<\/span><\/td>\n<\/tr>\n<\/tbody>\n<\/table>\n<p>&nbsp;<\/p>\n<p><span style=\"font-weight: 400;\">Only the Data Controller has access to personal data processed for the purpose of handling complaints. If proceedings are initiated before a court or other authority, in the framework of which it becomes necessary to transfer personal data to the aforementioned bodies, then the court or authority may also have access to personal data.\u00a0<\/span><\/p>\n<p><b>Rights of the data subject (detailed explanation in the Information) <\/b><b>Point V <\/b><b>included):<\/b><b>\u00a0<\/b><\/p>\n<ol>\n<li><b> the right to transparent information <\/b><span style=\"font-weight: 400;\">\u2013 with this information, the data controller provides information about the circumstances of data processing, including who processes your personal data, for what purpose, on what basis and for how long, as well as what rights you have in connection with data processing and who you can contact with questions or complaints regarding data processing;\u00a0<\/span><\/li>\n<li><b> the right to access your personal data <\/b><span style=\"font-weight: 400;\">\u2013 you can ask the data controller at any time whether your personal data is being processed, you can request full information about the data processing, and you can also request to receive a copy of your personal data;\u00a0<\/span><\/li>\n<li><b> your personal data <\/b><span style=\"font-weight: 400;\">to correct <\/span><b>right <\/b><span style=\"font-weight: 400;\">\u2013 you may request that the data controller correct your inaccurate personal data or, if incomplete, complete them;\u00a0\u00a0<\/span><\/li>\n<li><b> the right to restrict data processing <\/b><span style=\"font-weight: 400;\">\u2013 you may request (e.g. for the purpose of asserting, exercising or defending legal claims) that the data controller only stores your personal data and does not process it in any other way;\u00a0<\/span><\/li>\n<li><b> information on the identity of the recipients of the information about the rectification, erasure or restriction of data processing \u2013 <\/b><span style=\"font-weight: 400;\">upon request, we will inform you of the referred recipients;\u00a0\u00a0<\/span><\/li>\n<\/ol>\n<p><span style=\"font-weight: 400;\">If you wish to exercise any of your data subject rights, please submit your request to the following address for quick processing:\u00a0 <\/span><span style=\"font-weight: 400;\">studio@dorasilagyi.hu <\/span><span style=\"font-weight: 400;\">by electronic mail address, or <\/span><span style=\"font-weight: 400;\">contact details given in point II.<\/span> <span style=\"font-weight: 400;\">please notify the Data Controller via one of the following:<\/span><\/p>\n<p>&nbsp;<\/p>\n<p><b>III.8. Personal data processed for the purpose of contacting you\u00a0<\/b><\/p>\n<table>\n<tbody>\n<tr>\n<td><b>Purpose of data processing\u00a0<\/b><\/td>\n<td><span style=\"font-weight: 400;\">Informal contact with the data controller for the purpose of placing an order.<\/span><\/td>\n<\/tr>\n<tr>\n<td><b>Scope of data processed\u00a0<\/b><\/td>\n<td><span style=\"font-weight: 400;\">First and last name, email address, message content.<\/span><\/td>\n<\/tr>\n<tr>\n<td rowspan=\"2\"><b>Legal basis\u00a0<\/b><\/td>\n<td>\n<p><span style=\"font-weight: 400;\">a) In the case of a natural person customer:\u00a0<\/span><\/p>\n<p><span style=\"font-weight: 400;\">GDPR Article 6(1)(a) \u2013 <\/span><b>voluntary consent of the data subject.\u00a0<\/b><\/p>\n<p><span style=\"font-weight: 400;\">Your consent can be withdrawn at any time. Withdrawal of consent does not affect the lawfulness of data processing based on consent before its withdrawal.<\/span><\/p>\n<\/td>\n<\/tr>\n<tr>\n<td>\n<p><span style=\"font-weight: 400;\">b) In the case of a customer contact person who is not a natural person:\u00a0<\/span><\/p>\n<p><span style=\"font-weight: 400;\">GDPR Article 6(1)(f) \u2013 the Data Controller\u00a0 <\/span><b>legitimate interest in the proper sale of the product<\/b><span style=\"font-weight: 400;\">.<\/span><\/p>\n<\/td>\n<\/tr>\n<tr>\n<td><b>Period\u00a0<\/b><\/td>\n<td><span style=\"font-weight: 400;\">The data controller processes personal data until the obligation to delete them arises, but no longer than 6 months after the contact. Consent can be withdrawn or deleted at any time: <\/span><span style=\"font-weight: 400;\">studio@dorasilagyi.hu <\/span><span style=\"font-weight: 400;\">by sending an email or by clicking on the link in the newsletter.<\/span><\/td>\n<\/tr>\n<\/tbody>\n<\/table>\n<p>&nbsp;<\/p>\n<p><span style=\"font-weight: 400;\">The Data Controller may primarily access personal data processed for the purpose of maintaining contact. If proceedings have been initiated before a court or other authority, within the framework of which it becomes necessary to transfer personal data to the aforementioned bodies, then the court or authority may also access personal data.\u00a0<\/span><\/p>\n<p><b>Rights of the data subject (detailed explanation in the Information) <\/b><b>Point V <\/b><b>included):<\/b><b>\u00a0<\/b><\/p>\n<ol>\n<li><b> right to withdraw consent <\/b><span style=\"font-weight: 400;\">\u2013 the data subject has the right to withdraw his\/her consent at any time if the data controller&#039;s data processing is based on the data subject&#039;s consent. The withdrawal of consent does not affect the lawfulness of the data processing based on consent prior to its withdrawal.\u00a0<\/span><\/li>\n<li><b> the right to transparent information <\/b><span style=\"font-weight: 400;\">\u2013 with this information, the data controller provides information about the circumstances of data processing, including who processes your personal data, for what purpose, on what basis and for how long, as well as what rights you have in connection with data processing and who you can contact with questions or complaints regarding data processing;\u00a0<\/span><\/li>\n<li><b> the right to access your personal data <\/b><span style=\"font-weight: 400;\">\u2013 you can ask the data controller at any time whether your personal data is being processed, you can request full information about the data processing, and you can also request to receive a copy of your personal data;\u00a0<\/span><\/li>\n<li><b> the right to rectify your personal data <\/b><span style=\"font-weight: 400;\">\u2013 you may request that the data controller correct your inaccurate personal data or, if incomplete, complete them;\u00a0\u00a0<\/span><\/li>\n<li><b> the right to erasure of your personal data <\/b><span style=\"font-weight: 400;\">\u2013 you may request that your personal data be deleted by the data controller; <\/span><b>6. the right to restrict data processing <\/b><span style=\"font-weight: 400;\">\u2013 you may request (e.g. for the purpose of asserting, exercising or defending legal claims) that the data controller only stores your personal data and does not process it in any other way;\u00a0<\/span><\/li>\n<li><b> information on the identity of the recipients of the information about the rectification, erasure or restriction of data processing \u2013 <\/b><span style=\"font-weight: 400;\">upon request, we will inform you of the referred recipients;\u00a0 <\/span><b>8. right to data portability \u2013 <\/b><span style=\"font-weight: 400;\">You may request that the personal data concerning you, which you have provided to the controller, be received from the controller in a structured, commonly used and machine-readable format, or, where technically feasible, that the controller provide it to you in a <\/span>transfer it to another data controller. This right only applies to data processed on the basis of consent or contract, provided that the data processing is carried out by automated means; <b>9. right to object \u2013 <\/b><span>may only be exercised by the contact person of the non-natural person customer\u00a0<\/span><\/li>\n<\/ol>\n<p><span style=\"font-weight: 400;\">If you wish to exercise any of your data subject rights, please submit your request to the following address for quick processing: <\/span><span style=\"font-weight: 400;\">studio@dorasilagyi.hu <\/span><span style=\"font-weight: 400;\">by electronic mail address, or <\/span><span style=\"font-weight: 400;\">contact details given in point II.<\/span> <span style=\"font-weight: 400;\">please notify the Data Controller via one of the following:<\/span><\/p>\n<ol>\n<li><b> DATA SECURITY\u00a0<\/b><\/li>\n<\/ol>\n<p><span style=\"font-weight: 400;\">The Data Controller and the data processors are entitled to access personal data to the extent necessary to perform their duties. The Data Controller takes all security, technical and organizational measures to guarantee the security of the data.\u00a0<\/span><\/p>\n<p><b>Organizational measures<\/b><b>\u00a0<\/b><\/p>\n<p><span style=\"font-weight: 400;\">Access to the Data Controller&#039;s IT system is enabled by a person-specific authorization, the allocation of which is subject to the &quot;principle of necessary and sufficient rights&quot;. According to this, each user may use the Data Controller&#039;s IT systems and services only to the extent necessary to perform their tasks, with the appropriate authorizations and for the necessary period of time. Access to IT systems and services may only be granted to a person who is not subject to restrictions for security or other reasons and who has the professional, business and information security knowledge necessary for the safe use of the IT system.\u00a0<\/span><\/p>\n<p><span style=\"font-weight: 400;\">The data controller and its data processors undertake strict confidentiality rules in a written declaration, which they are obliged to adhere to with increased compliance.\u00a0<\/span><\/p>\n<p><b>Technical measures<\/b><b>\u00a0<\/b><\/p>\n<p><span style=\"font-weight: 400;\">The Data Controller stores the data \u2013 with the exception of data stored by data processors \u2013 on its own devices, in a data center. The Data Controller stores the IT devices storing the data in a closed server room equipped with an alarm system, protected by a multi-stage access control system for authorization verification.\u00a0<\/span><\/p>\n<p><span style=\"font-weight: 400;\">The Data Controller protects its internal network with multi-level firewall protection. A hardware firewall (so-called border protection device) has been installed at all entry points of the public networks used. The Data Controller stores the data in several locations, protecting it from destruction, loss, damage, and unlawful destruction resulting from the failure of the IT device.\u00a0<\/span><\/p>\n<p><span style=\"font-weight: 400;\">The data controller protects its internal networks from external attacks with multi-level, active, complex protection against malicious codes (e.g. virus protection). External access to IT systems and databases operated by the data controller is essential only via an encrypted data connection (VPN).<\/span><span style=\"font-weight: 400;\">3 <\/span><span style=\"font-weight: 400;\">can be implemented.\u00a0<\/span><\/p>\n<p><span style=\"font-weight: 400;\">The data controller ensures that its IT tools and software continuously comply with technological solutions generally accepted in market operations.\u00a0<\/span><\/p>\n<p><span style=\"font-weight: 400;\">\u00a0<\/span><\/p>\n<p><span style=\"font-weight: 400;\">3 <\/span><span style=\"font-weight: 400;\">Virtual Private Network (VPN)<\/span><\/p>\n<p>&nbsp;<\/p>\n<ol>\n<li><b> RIGHTS OF THE CONCERNED\u00a0<\/b><\/li>\n<\/ol>\n<p><b>V.1. Right to transparent information\u00a0<\/b><\/p>\n<p><span style=\"font-weight: 400;\">The data controller hereby complies with its obligation to provide information on the Data Controller, the purpose and legal basis of data processing, its duration, the rights of the data subject and the legal remedy, and if the data does not originate from the data subject, the source of the data. Oral information may also be provided at the request of the data subject, provided that he or she proves his or her identity.\u00a0<\/span><\/p>\n<p><b>V.2. Right of access of the data subject\u00a0<\/b><\/p>\n<p><span style=\"font-weight: 400;\">The data subject may request access to the personal data concerning him or her from the controller, including a copy of the personal data which are the subject of the processing. The data subject has the right to obtain from the controller information as to whether or not his or her personal data is being processed and, where such processing is taking place, access to the personal data and the following information:\u00a0<\/span><\/p>\n<ol>\n<li><span style=\"font-weight: 400;\">a) the purposes of data processing;\u00a0<\/span><\/li>\n<li><span style=\"font-weight: 400;\">(b) the categories of personal data concerned;\u00a0<\/span><\/li>\n<li><span style=\"font-weight: 400;\">(c) the recipients or categories of recipients to whom the personal data have been or will be disclosed, including in particular recipients in third countries or international organisations;\u00a0<\/span><\/li>\n<li><span style=\"font-weight: 400;\">(d) where applicable, the planned period for which the personal data will be stored or, if this is not possible, the criteria for determining this period;\u00a0<\/span><\/li>\n<li><span style=\"font-weight: 400;\">e) the right of the data subject to request from the controller the rectification, erasure or restriction of processing of personal data concerning him or her and to object to the processing of such personal data;\u00a0<\/span><\/li>\n<li><span style=\"font-weight: 400;\">f) the right to lodge a complaint with a supervisory authority; g) if the data were not collected from the data subject, all available information on their source;\u00a0<\/span><\/li>\n<li><span style=\"font-weight: 400;\">h) the fact of automated decision-making, including profiling, and at least in these cases, intelligible information on the logic involved and the significance and foreseeable consequences of such processing for the data subject.\u00a0<\/span><\/li>\n<\/ol>\n<p><b>V.3. Right to rectification\u00a0<\/b><\/p>\n<p><span style=\"font-weight: 400;\">The data subject shall have the right to obtain from the controller, at his or her request, the rectification of inaccurate personal data concerning him or her without undue delay. Taking into account the purpose of the processing, the data subject shall have the right to request the completion of incomplete personal data, including by means of a supplementary statement.<\/span><\/p>\n<p>&nbsp;<\/p>\n<p><b>V.4. The right to erasure \u2013 \u201cright to be forgotten\u201d\u00a0<\/b><\/p>\n<p><span style=\"font-weight: 400;\">Personal data must be deleted if:\u00a0<\/span><\/p>\n<ol>\n<li><span style=\"font-weight: 400;\">a) the purpose of the data processing has ceased to exist;\u00a0<\/span><\/li>\n<li><span style=\"font-weight: 400;\">b) the data subject has withdrawn his\/her consent and there is no other legal basis for the data processing;\u00a0<\/span><\/li>\n<li><span style=\"font-weight: 400;\">c) the processing is based on a legitimate interest or is necessary for the performance of a task carried out in the public interest or in the exercise of official authority vested in the controller, and the data subject objects to the processing; d) the processing is unlawful;\u00a0<\/span><\/li>\n<li><span style=\"font-weight: 400;\">(e) the personal data must be erased for compliance with a legal obligation under Union or Member State law to which the controller is subject;\u00a0<\/span><\/li>\n<li><span style=\"font-weight: 400;\">f) the data were collected in relation to information society services offered directly to children.\u00a0<\/span><\/li>\n<\/ol>\n<p><b>V.5. Right to restriction of data processing\u00a0<\/b><\/p>\n<p><span style=\"font-weight: 400;\">The data controller shall restrict data processing at the request of the data subject if a) the data subject disputes the accuracy of the personal data;\u00a0<\/span><\/p>\n<ol>\n<li><span style=\"font-weight: 400;\">b) the data processing is unlawful and the data subject opposes the erasure of the data; c) the data controller no longer needs the personal data, but the data subject requires them for the establishment, exercise or defence of legal claims; d) the data processing is based on a legitimate interest or is necessary for the performance of a task carried out in the public interest\/in the exercise of official authority vested in the data controller and the data subject objects to the data processing.\u00a0<\/span><\/li>\n<\/ol>\n<p><b>V.6. Notification obligation related to the rectification or erasure of personal data or the restriction of data processing\u00a0\u00a0<\/b><\/p>\n<p><span style=\"font-weight: 400;\">The controller shall inform any recipient to whom the personal data have been disclosed of the rectification, erasure or restriction of processing, unless this proves impossible or involves a disproportionate effort. The data subject shall be informed of these recipients upon request.\u00a0<\/span><\/p>\n<p><b>V.7. Right to data portability\u00a0\u00a0<\/b><\/p>\n<p><span style=\"font-weight: 400;\">The data subject has the right to receive the personal data concerning him or her, which he or she has provided to the Data Controller, in a structured, commonly used and machine-readable format and has the right to transmit these data to another data controller without hindrance from the data controller to which the personal data have been provided, where the data processing is based on consent or a contract and the data processing is carried out by automated means.\u00a0<\/span><\/p>\n<p><span style=\"font-weight: 400;\">When exercising the right to data portability, the data subject has the right to request, where technically feasible, the personal data controller to provide the personal data to the controller.\u00a0<\/span><span style=\"font-weight: 400;\">direct transmission between. The exercise of this right shall not prejudice the right to be forgotten.\u00a0\u00a0<\/span><\/p>\n<p><b>V.8. The right to object\u00a0<\/b><\/p>\n<p><span style=\"font-weight: 400;\">The data subject shall have the right to object at any time, on grounds relating to his or her particular situation, to processing of personal data concerning him or her based on legitimate interests or where the processing is necessary for the performance of a task carried out in the public interest or in the exercise of official authority vested in the controller, including profiling based on those legal grounds. In such a case, the controller shall no longer process the personal data unless the controller demonstrates compelling legitimate grounds for the processing which override the interests, rights and freedoms of the data subject or for the establishment, exercise or defence of legal claims.\u00a0<\/span><\/p>\n<p><b>V.9. Rights of the data subject in the event of automated decision-making\u00a0<\/b><\/p>\n<p><span style=\"font-weight: 400;\">The data subject shall have the right not to be subject to a decision based solely on automated processing, including profiling, which produces legal effects concerning him or her or similarly significantly affects him or her. This provision <\/span><b>not applicable <\/b><span style=\"font-weight: 400;\">in the following cases:\u00a0<\/span><\/p>\n<ol>\n<li><span style=\"font-weight: 400;\">a) necessary for the conclusion or performance of a contract between the data subject and the data controller;\u00a0<\/span><\/li>\n<li><span style=\"font-weight: 400;\">(b) it is permitted by Union or Member State law applicable to the controller and which also lays down suitable measures to safeguard the rights and freedoms and legitimate interests of the data subject; or\u00a0<\/span><\/li>\n<li><span style=\"font-weight: 400;\">(c) it is based on the explicit consent of the data subject.\u00a0<\/span><\/li>\n<\/ol>\n<p><span style=\"font-weight: 400;\">The data controller must ensure that the data subject has at least the right to request human intervention on the part of the data controller, to express his or her position and to object to the decision.\u00a0<\/span><\/p>\n<ol>\n<li><b> LEGAL REMEDIES\u00a0<\/b><\/li>\n<\/ol>\n<p><span style=\"font-weight: 400;\">The data subject is entitled to the following alternative remedies.\u00a0<\/span><\/p>\n<ol>\n<li><span style=\"font-weight: 400;\">a) The<\/span><span style=\"font-weight: 400;\">possibility of contacting the data controller<\/span><span style=\"font-weight: 400;\"><\/span><\/li>\n<\/ol>\n<p><span style=\"font-weight: 400;\">Data subjects may contact the Data Controller for all matters relating to the processing of their personal data and the exercise of their rights under the GDPR. If the Data Controller does not take action on the data subject&#039;s request, it shall inform the data subject without delay, but no later than one month from the date of receipt of the request, of the reasons for the failure to take action and of the possibility of lodging a complaint with a supervisory authority and of exercising its right to a judicial remedy.<\/span><\/p>\n<ol>\n<li><span style=\"font-weight: 400;\">b) <\/span><span style=\"font-weight: 400;\">Can be initiated at the National Data Protection and Freedom of Information Authority <\/span><span style=\"font-weight: 400;\"><\/span><span style=\"font-weight: 400;\">examination<\/span><span style=\"font-weight: 400;\"><\/span><\/li>\n<\/ol>\n<p><span style=\"font-weight: 400;\">Anyone can initiate an investigation by filing a report with the National Data Protection and Freedom of Information Authority (hereinafter referred to as the Authority) on the grounds that a violation of the law has occurred in connection with the processing of personal data or that there is an immediate risk of such a violation. It is important that the report is not anonymous, otherwise the Authority may reject the report without a substantive investigation. Further grounds for rejection are contained in Section 53 of the Infotv. The Authority&#039;s investigation is free of charge, and the Authority shall advance and bear the costs of the investigation. As a general rule, it shall make a decision within two months of receipt of the report.\u00a0<\/span><\/p>\n<p><span style=\"font-weight: 400;\">Contact details of the Authority:\u00a0<\/span><\/p>\n<p><span style=\"font-weight: 400;\">1363 Budapest, P.O. Box 9.\u00a0<\/span><\/p>\n<p><span style=\"font-weight: 400;\">Website: www.naih.hu\u00a0<\/span><\/p>\n<p><span style=\"font-weight: 400;\">Phone: +36-1-391-1400\u00a0<\/span><\/p>\n<ol>\n<li><span style=\"font-weight: 400;\">c) <\/span><span style=\"font-weight: 400;\">Judicial enforcement<\/span><span style=\"font-weight: 400;\"><\/span><\/li>\n<\/ol>\n<p><span style=\"font-weight: 400;\">In the event of a violation of his or her rights, the data subject may bring proceedings against the Data Controller if, in his or her opinion, his or her rights under the Regulation have been violated as a result of the processing of his or her personal data not in accordance with the GDPR. The action against the Data Controller or the data processor shall be brought before the court of the Member State in which the Data Controller or the data processor is established. Such proceedings may also be brought before the court of the Member State in which the data subject has his or her habitual residence, unless the data controller or the data processor is a public authority of a Member State acting in the exercise of its public authority. In Hungary, the action shall be brought \u2013 at the choice of the data subject \u2013 in the court of the place of residence or residence of the data subject\u00a0<\/span><\/p>\n<p><span style=\"font-weight: 400;\">can also be initiated before a court.\u00a0\u00a0<\/span><\/p>\n<p><span style=\"font-weight: 400;\">The data subject may claim compensation\/damages from the data controller in the lawsuit:\u00a0 <\/span><span style=\"font-weight: 400;\">&#8211; <\/span><span style=\"font-weight: 400;\">if the data controller causes damage to another person by unlawfully processing the data subject&#039;s data or by violating data security requirements, he or she is obliged to compensate for the damage;\u00a0<\/span><\/p>\n<p><span style=\"font-weight: 400;\">&#8211; <\/span><span style=\"font-weight: 400;\">If the data controller violates the data subject&#039;s personal rights by unlawfully processing the data subject&#039;s data or by violating data security requirements (e.g. communicating personal data to an unauthorized person or making it public), the data subject may claim damages from the data controller.\u00a0<\/span><\/p>\n<p><b>ANNEXES VII\u00a0<\/b><\/p>\n<ol>\n<li><b> Annex No. \u2013 List of laws\u00a0<\/b><\/li>\n<\/ol>\n<ul>\n<li><span style=\"font-weight: 400;\"> <\/span><span style=\"font-weight: 400;\">Regulation (EU) 2016\/679 of the European Parliament and of the Council on the protection of natural persons with regard to the processing of personal data and on the free movement of such data, and repealing Regulation 95\/46\/EC (hereinafter referred to as &quot;Regulation (EU) 2016\/679 of the European Parliament and of the Council&quot;)<\/span><b>GDPR<\/b><span style=\"font-weight: 400;\">&quot;),\u00a0<\/span><\/li>\n<li><span style=\"font-weight: 400;\"> <\/span><span style=\"font-weight: 400;\">Act CXII of 2011 on the Right to Informational Self-Determination and Freedom of Information (&quot;<\/span><b>Info TV<\/b><span style=\"font-weight: 400;\">&quot;.)\u00a0<\/span><\/li>\n<li><span style=\"font-weight: 400;\"> <\/span><span style=\"font-weight: 400;\">Act V of 2013 on the Civil Code (&quot;<\/span><b>Civil<\/b><span style=\"font-weight: 400;\">&quot;.)\u00a0<\/span><\/li>\n<li><span style=\"font-weight: 400;\"> <\/span><span style=\"font-weight: 400;\">Act CXXX of 2016 on the Code of Civil Procedure (&quot;<\/span><b>Pp.<\/b><span style=\"font-weight: 400;\">&quot;)\u00a0<\/span><\/li>\n<li><span style=\"font-weight: 400;\"> <\/span><span style=\"font-weight: 400;\">Act CVIII of 2001 on certain issues of electronic commerce services and information society services (&quot;<\/span><b>TV<\/b><span style=\"font-weight: 400;\">&quot;.) <\/span><span style=\"font-weight: 400;\">\u2022 <\/span><span style=\"font-weight: 400;\">Act XLVIII of 2008 on the basic conditions and certain limitations of economic advertising activities (\u201cAdvertising Act\u201d)\u00a0<\/span><\/li>\n<li><span style=\"font-weight: 400;\"> <\/span><span style=\"font-weight: 400;\">Act C of 2000 on Accounting (&quot;<\/span><b>Account TV<\/b><span style=\"font-weight: 400;\">&quot;.)\u00a0<\/span><\/li>\n<li><span style=\"font-weight: 400;\"> <\/span><span style=\"font-weight: 400;\">Act CL of 2017 on the Taxation System (\u201cArt.\u201d)\u00a0<\/span><\/li>\n<li><span style=\"font-weight: 400;\"> <\/span><span style=\"font-weight: 400;\">Act CLV of 1997 on Consumer Protection (&quot;<\/span><b>Consumer TV<\/b><span style=\"font-weight: 400;\">&quot;.)\u00a0<\/span><\/li>\n<li><span style=\"font-weight: 400;\"> <\/span><span style=\"font-weight: 400;\">Decree 19\/2014. (IV. 29.) of the Ministry of Justice on the procedural rules for handling warranty and guarantee claims regarding things sold under a contract between a consumer and a business (\u201cFgy. NGM rend.\u201d);<\/span><\/li>\n<\/ul>\n<ol start=\"2\">\n<li><b> Annex No. \u2013 Definitions\u00a0<\/b><\/li>\n<\/ol>\n<ul>\n<li><span style=\"font-weight: 400;\"> <\/span><b>personal data<\/b><span style=\"font-weight: 400;\">&quot;identified or identifiable natural person&quot; means any information relating to an identified or identifiable natural person (&quot;data subject&quot;); an identifiable natural person is one who can be identified, directly or indirectly, in particular by reference to an identifier such as a name, a number, location data, an online identifier or to one or more factors specific to the physical, physiological, genetic, mental, economic, cultural or social identity of that natural person. Natural persons may also be associated with online identifiers provided by the devices, applications, tools and protocols they use, such as IP addresses and cookie identifiers, as well as other identifiers such as radio frequency identification tags. This may create traces which, when combined with unique identifiers and other information received by the servers, can be used to create a profile of natural persons and to identify that person;\u00a0<\/span><\/li>\n<li><span style=\"font-weight: 400;\"> <\/span><span style=\"font-weight: 400;\">&quot;<\/span><b>data controller<\/b><span style=\"font-weight: 400;\">&quot;controller&quot; means the natural or legal person, public authority, agency or any other body which, alone or jointly with others, determines the purposes and means of the processing of personal data; where the purposes and means of the processing are determined by Union or national law, the controller or the specific criteria for the designation of the controller may also be determined by Union or national law;\u00a0<\/span><\/li>\n<li><span style=\"font-weight: 400;\"> <\/span><span style=\"font-weight: 400;\">&quot;<\/span><b>data processor<\/b><span style=\"font-weight: 400;\">&quot;Processor&quot; means the natural or legal person, public authority, agency or any other body which processes personal data on behalf of the controller; <\/span><span style=\"font-weight: 400;\">\u2022 <\/span><span style=\"font-weight: 400;\">&quot;data processing&quot; means any operation or set of operations which is performed on personal data or data sets, whether or not by automated means, such as collection, recording, organisation, structuring, storage, adaptation or alteration, retrieval, consultation, use, disclosure by transmission, dissemination or otherwise making available, alignment or combination, restriction, erasure or destruction;\u00a0<\/span><\/li>\n<li><span style=\"font-weight: 400;\"> <\/span><span style=\"font-weight: 400;\">&quot;<\/span><b>concerned<\/b><span style=\"font-weight: 400;\">&quot;a person identified or identifiable - directly or indirectly - on the basis of personal data, which must always be a specific person. Only natural persons are considered data subjects, not legal persons, and therefore data protection only protects the data of natural persons. However, personal data also includes, for example, the data of a sole proprietor or a company representative (e.g. telephone number, email address, place of birth, time, etc.).\u00a0<\/span><\/li>\n<li><span style=\"font-weight: 400;\"> <\/span><span style=\"font-weight: 400;\">&quot;<\/span><b>consent of the person concerned<\/b><span style=\"font-weight: 400;\">&quot;opt-in&quot; means any freely given, specific, informed and unambiguous indication of the data subject&#039;s wishes by which the data subject, by a statement or by a clear affirmative action, signifies agreement to the processing of personal data concerning him or her;\u00a0<\/span><\/li>\n<li><span style=\"font-weight: 400;\"> <\/span><span style=\"font-weight: 400;\">&quot;<\/span><b>restriction of data processing<\/b><span style=\"font-weight: 400;\">&quot;: marking of stored personal data with the aim of restricting their future processing;\u00a0<\/span><\/li>\n<li><span style=\"font-weight: 400;\"> <\/span><span style=\"font-weight: 400;\">&quot;<\/span><b>data breach<\/b><span style=\"font-weight: 400;\">\u201d: a breach of security that results in the accidental or unlawful destruction, loss, alteration, unauthorized disclosure of, or unauthorized access to, personal data transmitted, stored, or otherwise processed.\u00a0<\/span><\/li>\n<li><span style=\"font-weight: 400;\"> <\/span><span style=\"font-weight: 400;\">&quot;<\/span><b>pseudonymization<\/b><span style=\"font-weight: 400;\">&quot;: processing of personal data in such a way that the personal data can no longer be identified without further information, provided that <\/span>that such additional information is stored separately and technical and organizational measures are taken to ensure that this personal data cannot be linked to identified or identifiable natural persons;\u00a0<\/li>\n<li><span style=\"font-weight: 400;\"> <\/span><span style=\"font-weight: 400;\">&quot;<\/span><b>addressee<\/b><span style=\"font-weight: 400;\">&quot;recipient&quot; means the natural or legal person, public authority, agency or any other body to which personal data are disclosed, whether or not a third party. Public authorities which may have access to personal data in the context of an individual investigation in accordance with Union or national law shall not be considered recipients; the processing of such data by such public authorities shall be in accordance with the applicable data protection rules in accordance with the purposes of the processing;\u00a0<\/span><\/li>\n<li><span style=\"font-weight: 400;\"> <\/span><span style=\"font-weight: 400;\">&quot;<\/span><b>cookies<\/b><span style=\"font-weight: 400;\">&quot;: a cookie is a short text file that our web server sends to your device (whether it&#039;s a computer, mobile phone or tablet) and reads it back. There are temporary (session) cookies that are automatically deleted from your device when you close your browser, and there are longer-lived cookies that remain on your device for a longer period of time (this also depends on the settings of your device);\u00a0<\/span><\/li>\n<li><span style=\"font-weight: 400;\"> <\/span><span style=\"font-weight: 400;\">&quot;<\/span><b>third party<\/b><span style=\"font-weight: 400;\">&quot;&quot;: a natural or legal person, public authority, agency or any other body other than the data subject, the controller, the processor or the persons who, under the direct authority of the controller or processor, are authorised to process personal data;\u00a0<\/span><\/li>\n<li><span style=\"font-weight: 400;\"> <\/span><span style=\"font-weight: 400;\">&quot;<\/span><b>third country<\/b><span style=\"font-weight: 400;\">\u201d: a country that is not a member state of the European Union and the European Economic Area. Member States of the European Union may conclude international agreements covering the transfer of personal data to third countries or international organisations, provided that these agreements do not affect the GDPR or other provisions of Union law;\u00a0<\/span><\/li>\n<li><span style=\"font-weight: 400;\"> <\/span><span style=\"font-weight: 400;\">&quot;<\/span><b>profiling<\/b><span style=\"font-weight: 400;\">&quot;: any form of automated processing of personal data consisting of the use of personal data to evaluate certain personal characteristics relating to a natural person, in particular to analyse or predict characteristics relating to performance at work, economic situation, health, personal preferences, interests, reliability, behaviour, location or movements;\u00a0<\/span><\/li>\n<li><span style=\"font-weight: 400;\"> <\/span><span style=\"font-weight: 400;\">&quot;<\/span><b>international organization<\/b><span style=\"font-weight: 400;\">&quot;&quot;: an organization governed by public international law or its subordinate organs, or any other body established by or on the basis of an agreement between two or more countries;\u00a0<\/span><\/li>\n<li><span style=\"font-weight: 400;\"> <\/span><span style=\"font-weight: 400;\">&quot;<\/span><b>registration system<\/b><span style=\"font-weight: 400;\">&quot;: a collection of personal data, structured in any way \u2013 centralized, decentralized, functionally or geographically \u2013 which is accessible based on specific criteria;\u00a0<\/span><\/li>\n<li><span style=\"font-weight: 400;\"> <\/span><span style=\"font-weight: 400;\">&quot;<\/span><b>undertaking<\/b><span style=\"font-weight: 400;\">&quot;&quot;: any natural or legal person engaged in an economic activity, regardless of its legal form, including partnerships and associations engaged in regular economic activity;<\/span><\/li>\n<\/ul>\n<ol start=\"3\">\n<li><b> Annex No. \u2013 Data Processors<\/b><\/li>\n<\/ol>\n<table>\n<tbody>\n<tr>\n<td><span style=\"font-weight: 400;\">Activity\u00a0<\/span><\/td>\n<td><b>hosting, newsletter service<\/b><\/td>\n<\/tr>\n<tr>\n<td><span style=\"font-weight: 400;\">Name of data processor\u00a0<\/span><\/td>\n<td><span style=\"font-weight: 400;\">Hostinger International Limited<\/span><\/td>\n<\/tr>\n<tr>\n<td><span style=\"font-weight: 400;\">Headquarters\u00a0<\/span><\/td>\n<td><span style=\"font-weight: 400;\">1 Lordou Vironos Street 17. Lumiel Building, 4th floor 18. Larnaca, CY 6023, Cyprus<\/span><\/td>\n<\/tr>\n<tr>\n<td><span style=\"font-weight: 400;\">Company registration number\u00a0<\/span><\/td>\n<td><span style=\"font-weight: 400;\">CY10301365E<\/span><\/td>\n<\/tr>\n<tr>\n<td><span style=\"font-weight: 400;\">E-mail\u00a0<\/span><\/td>\n<td><span style=\"font-weight: 400;\">gdpr@hostinger.com<\/span><\/td>\n<\/tr>\n<tr>\n<td><span style=\"font-weight: 400;\">Website\u00a0<\/span><\/td>\n<td><span style=\"font-weight: 400;\">www.hostinger.com<\/span><\/td>\n<\/tr>\n<\/tbody>\n<\/table>\n<p>&nbsp;<\/p>\n<table>\n<tbody>\n<tr>\n<td><span style=\"font-weight: 400;\">Activity\u00a0<\/span><\/td>\n<td><b>bank transfer<\/b><\/td>\n<\/tr>\n<tr>\n<td><span style=\"font-weight: 400;\">Name of data processor\u00a0<\/span><\/td>\n<td><span style=\"font-weight: 400;\">Raiffeisen Bank Ltd.<\/span><\/td>\n<\/tr>\n<tr>\n<td><span style=\"font-weight: 400;\">Headquarters\u00a0<\/span><\/td>\n<td><span style=\"font-weight: 400;\">1133 Budapest, Vaci Street 116-118.<\/span><\/td>\n<\/tr>\n<tr>\n<td><span style=\"font-weight: 400;\">Company registration number\u00a0<\/span><\/td>\n<td><span style=\"font-weight: 400;\">01 10 041042<\/span><\/td>\n<\/tr>\n<tr>\n<td><span style=\"font-weight: 400;\">E-mail\u00a0<\/span><\/td>\n<td><span style=\"font-weight: 400;\">info@raiffeisen.hu<\/span><\/td>\n<\/tr>\n<tr>\n<td><span style=\"font-weight: 400;\">Website\u00a0<\/span><\/td>\n<td><span style=\"font-weight: 400;\">https:\/\/www.raiffeisen.hu\/<\/span><\/td>\n<\/tr>\n<\/tbody>\n<\/table>\n<p>&nbsp;<\/p>\n<table>\n<tbody>\n<tr>\n<td><span style=\"font-weight: 400;\">Activity\u00a0<\/span><\/td>\n<td><b>Delivery<\/b><\/td>\n<\/tr>\n<tr>\n<td><span style=\"font-weight: 400;\">Name of data processor\u00a0<\/span><\/td>\n<td><span style=\"font-weight: 400;\">Foxpost Ltd.<\/span><\/td>\n<\/tr>\n<tr>\n<td><span style=\"font-weight: 400;\">Headquarters\u00a0<\/span><\/td>\n<td><span style=\"font-weight: 400;\">3300 Eger, Pacsirta Street 35\/A.<\/span><\/td>\n<\/tr>\n<tr>\n<td><span style=\"font-weight: 400;\">Company registration number\u00a0<\/span><\/td>\n<td><span style=\"font-weight: 400;\">10-10-020309<\/span><\/td>\n<\/tr>\n<tr>\n<td><span style=\"font-weight: 400;\">Tax number\u00a0<\/span><\/td>\n<td><span style=\"font-weight: 400;\">25034644-2-10<\/span><\/td>\n<\/tr>\n<tr>\n<td><span style=\"font-weight: 400;\">E-mail\u00a0<\/span><\/td>\n<td><span style=\"font-weight: 400;\">foxpost_igazgatosag@foxpost.hu<\/span><\/td>\n<\/tr>\n<tr>\n<td><span style=\"font-weight: 400;\">Website\u00a0<\/span><\/td>\n<td><span style=\"font-weight: 400;\">https:\/\/foxpost.hu\/csomagkuldes<\/span><\/td>\n<\/tr>\n<\/tbody>\n<\/table>\n<p>&nbsp;<\/p>\n<p>&nbsp;<\/p>\n<p>[\/et_pb_text][\/et_pb_column][\/et_pb_row][\/et_pb_section]<\/p>","protected":false},"excerpt":{"rendered":"<p>[et_pb_section fb_built=&#8221;1&#8243; _builder_version=&#8221;4.9.4&#8243; _module_preset=&#8221;default&#8221; da_disable_devices=&#8221;off|off|off&#8221; da_is_popup=&#8221;off&#8221; da_exit_intent=&#8221;off&#8221; da_has_close=&#8221;on&#8221; da_alt_close=&#8221;off&#8221; da_dark_close=&#8221;off&#8221; da_not_modal=&#8221;on&#8221; da_is_singular=&#8221;off&#8221; da_with_loader=&#8221;off&#8221; da_has_shadow=&#8221;on&#8221;][et_pb_row _builder_version=&#8221;4.9.4&#8243; _module_preset=&#8221;default&#8221;][et_pb_column type=&#8221;4_4&#8243; _builder_version=&#8221;4.9.4&#8243; _module_preset=&#8221;default&#8221;][et_pb_text _builder_version=&#8221;4.9.4&#8243; _module_preset=&#8221;default&#8221; hover_enabled=&#8221;0&#8243; sticky_enabled=&#8221;0&#8243;] Adatkezel\u00e9si T\u00e1j\u00e9koztat\u00f3 2021. m\u00e1jus 1.\u00a0 Dora Silagyi Jewellery Adatkezel\u00e9si T\u00e1j\u00e9koztat\u00f3ja\u00a0 BEVEZET\u00c9S\u00a0 Jelen adatv\u00e9delmi t\u00e1j\u00e9koztat\u00f3 (a tov\u00e1bbiakban: T\u00e1j\u00e9koztat\u00f3) az \u00e1ltal\u00e1nos\u00a0 adatv\u00e9delmi rendelet (GDPR)1, az Infotv.2, valamint a Webshop m\u0171k\u00f6d\u00e9se\u00a0 szempontj\u00e1b\u00f3l relev\u00e1ns tov\u00e1bbi jogszab\u00e1lyok [&hellip;]<\/p>","protected":false},"author":1,"featured_media":0,"parent":0,"menu_order":0,"comment_status":"closed","ping_status":"closed","template":"","meta":{"_et_pb_use_builder":"on","_et_pb_old_content":"<!-- wp:heading -->\r\n<h2>Kik vagyunk<\/h2>\r\n<!-- \/wp:heading --><!-- wp:paragraph -->\r\n<p><strong class=\"privacy-policy-tutorial\">Javasolt sz\u00f6veg: <\/strong>A weboldalunk c\u00edme: https:\/\/dorasilagyi.hu.<\/p>\r\n<!-- \/wp:paragraph --><!-- wp:heading -->\r\n<h2>Hozz\u00e1sz\u00f3l\u00e1sok<\/h2>\r\n<!-- \/wp:heading --><!-- wp:paragraph -->\r\n<p><strong class=\"privacy-policy-tutorial\">Javasolt sz\u00f6veg: <\/strong>Hozz\u00e1sz\u00f3l\u00e1s bek\u00fcld\u00e9sekor a hozz\u00e1sz\u00f3l\u00e1si \u0171rlapban megadottakon k\u00edv\u00fcl begy\u0171jt\u00e9sre ker\u00fcl a hozz\u00e1sz\u00f3l\u00f3 IP c\u00edme \u00e9s a b\u00f6ng\u00e9sz\u0151azonos\u00edt\u00f3 karakterl\u00e1nc a k\u00e9retlen tartalmak kisz\u0171r\u00e9se c\u00e9lj\u00e1b\u00f3l.<\/p>\r\n<!-- \/wp:paragraph --><!-- wp:paragraph -->\r\n<p>Egy szem\u00e9lytelen\u00edtett, az e-mail c\u00edmb\u0151l el\u0151\u00e1ll\u00edtott karakterl\u00e1nc (hashnek szok\u00e1s nevezni) ker\u00fcl tov\u00e1bb\u00edt\u00e1sra a Gravatar szolg\u00e1ltat\u00e1s fel\u00e9, ha ez az oldalon haszn\u00e1latban van. A Gravatar szolg\u00e1ltat\u00e1s felt\u00e9telei az al\u00e1bbi c\u00edmen tekinthet\u0151ek meg: https:\/\/automattic.com\/privacy\/. A hozz\u00e1sz\u00f3l\u00e1s elfogad\u00e1sa ut\u00e1n, a hozz\u00e1sz\u00f3l\u00e1sunk tartalma \u00e9s a profil k\u00e9p\u00fcnk is megjelenik nyilv\u00e1nosan.<\/p>\r\n<!-- \/wp:paragraph --><!-- wp:heading -->\r\n<h2>M\u00e9dia<\/h2>\r\n<!-- \/wp:heading --><!-- wp:paragraph -->\r\n<p><strong class=\"privacy-policy-tutorial\">Javasolt sz\u00f6veg: <\/strong>Amennyiben regisztr\u00e1lt felhaszn\u00e1l\u00f3 \u00e1ltal ker\u00fcl k\u00e9p felt\u00f6lt\u00e9sre a honlapra, ker\u00fclni kell az az olyan EXIF-eket, amelyekben GPS poz\u00edci\u00f3 adatok is szerepelnek. A honlap l\u00e1togat\u00f3i ezeket let\u00f6lthetik \u00e9s kinyerhetik a helyadatokat a honlapon tal\u00e1lhat\u00f3 k\u00e9pekb\u0151l.<\/p>\r\n<!-- \/wp:paragraph --><!-- wp:heading -->\r\n<h2>S\u00fctik<\/h2>\r\n<!-- \/wp:heading --><!-- wp:paragraph -->\r\n<p><strong class=\"privacy-policy-tutorial\">Javasolt sz\u00f6veg: <\/strong>Ha hozz\u00e1sz\u00f3l\u00e1st \u00edrunk a honlapon, a megadott nevet, e-mail \u00e9s honlap c\u00edmet s\u00fctikben elt\u00e1roljuk. A t\u00e1rol\u00e1s a k\u00e9nyelmi c\u00e9lokat szolg\u00e1l az\u00e9rt, \u00edgy a k\u00f6vetkez\u0151 hozz\u00e1sz\u00f3l\u00e1skor ezeket a mez\u0151 adatokat nem kell kit\u00f6lteni. A s\u00fctik lej\u00e1rati ideje egy \u00e9v.<\/p>\r\n<!-- \/wp:paragraph --><!-- wp:paragraph -->\r\n<p>Ha ell\u00e1togatunk a bejelentkez\u00e9si oldalra, akkor \u00e1tmeneti s\u00fctiket \u00e1ll\u00edtunk be annak \u00e9rdek\u00e9ben, hogy meg\u00e1llap\u00edtsuk, hogy a b\u00f6ng\u00e9sz\u0151 elfogadja-e a s\u00fctiket. Ezek a s\u00fctik nem tartalmaznak szem\u00e9lyes inform\u00e1ci\u00f3t, \u00e9s t\u00f6rl\u0151dnek, ahogy bez\u00e1rjuk a b\u00f6ng\u00e9sz\u0151t.<\/p>\r\n<!-- \/wp:paragraph --><!-- wp:paragraph -->\r\n<p>A honlapra t\u00f6rt\u00e9n\u0151 bejelentkez\u00e9skor t\u00f6bb s\u00fctit hozunk l\u00e9tre, amely elmenti a bejelentkez\u00e9si inform\u00e1ci\u00f3t \u00e9s a szerkeszt\u0151fel\u00fclet megjelen\u00edt\u00e9si opci\u00f3it. A bejelentkez\u00e9si s\u00fctik k\u00e9t napig \u00e9rv\u00e9nyesek, a szerkeszt\u0151fel\u00fclet megjelen\u00edt\u00e9si opci\u00f3it t\u00e1rol\u00f3 s\u00fcti egy \u00e9vig. Amennyiben az \"Eml\u00e9kezz r\u00e1m\" opci\u00f3t bejel\u00f6lj\u00fck, a bejelentkez\u00e9s k\u00e9t h\u00e9tig folytat\u00f3dik. Kijelentkez\u00e9skor a bejelentkez\u00e9si s\u00fctik elt\u00e1vol\u00edt\u00e1sra ker\u00fclnek.<\/p>\r\n<!-- \/wp:paragraph --><!-- wp:paragraph -->\r\n<p>Amennyiben bejegyz\u00e9st vagy oldalt szerkeszt\u00fcnk, egy \u00fajabb s\u00fctit t\u00e1rol el a b\u00f6ng\u00e9sz\u0151nk. Ez a s\u00fcti nem tartalmaz szem\u00e9lyes adatot, egyszer\u0171en csak a bejegyz\u00e9s azonos\u00edt\u00f3 sz\u00e1m\u00e1t t\u00e1rolja, amelyet szerkesztett\u00fcnk. Egy nap m\u00falva j\u00e1r le az \u00e9rv\u00e9nyess\u00e9ge.<\/p>\r\n<!-- \/wp:paragraph --><!-- wp:heading -->\r\n<h2>M\u00e1s honlapokr\u00f3l sz\u00e1rmaz\u00f3 be\u00e1gyazott tartalmak<\/h2>\r\n<!-- \/wp:heading --><!-- wp:paragraph -->\r\n<p><strong class=\"privacy-policy-tutorial\">Javasolt sz\u00f6veg: <\/strong>A honlapon el\u00e9rhet\u0151 bejegyz\u00e9sek k\u00fcls\u0151 forr\u00e1sb\u00f3l sz\u00e1rmaz\u00f3 be\u00e1gyazott tartalmakat (pl. vide\u00f3k, k\u00e9pek, cikkek stb.) haszn\u00e1lhatnak. A k\u00fcls\u0151 forr\u00e1sb\u00f3l sz\u00e1rmaz\u00f3 be\u00e1gyazott tartalmak pontosan \u00fagy viselkednek, mintha megl\u00e1togattunk volna egy m\u00e1sik honlapot.<\/p>\r\n<!-- \/wp:paragraph --><!-- wp:paragraph -->\r\n<p>Ezek a webhelyek lehets\u00e9ges, hogy adatot gy\u0171jtenek a l\u00e1togat\u00f3kr\u00f3l, s\u00fctiket vagy harmadik f\u00e9lt\u0151l sz\u00e1rmaz\u00f3 k\u00f6vet\u0151k\u00f3dot haszn\u00e1lnak, figyelik a be\u00e1gyazott tartalommal kapcsolatos felhaszn\u00e1l\u00f3i viselked\u00e9st, ha rendelkez\u00fcnk felhaszn\u00e1l\u00f3i fi\u00f3kkal \u00e9s be vagyunk jelentkezve az oldalra.<\/p>\r\n<!-- \/wp:paragraph --><!-- wp:heading -->\r\n<h2>Kivel osztjuk meg a felhaszn\u00e1l\u00f3i adatokat<\/h2>\r\n<!-- \/wp:heading --><!-- wp:paragraph -->\r\n<p><strong class=\"privacy-policy-tutorial\">Javasolt sz\u00f6veg: <\/strong>Ha jelsz\u00f3-vissza\u00e1ll\u00edt\u00e1st k\u00e9r, akkor az IP-c\u00edmet a vissza\u00e1ll\u00edt\u00f3 e-mail tartalmazza.<\/p>\r\n<!-- \/wp:paragraph --><!-- wp:heading -->\r\n<h2>Mennyi ideig \u0151rizz\u00fck a szem\u00e9lyes adatot<\/h2>\r\n<!-- \/wp:heading --><!-- wp:paragraph -->\r\n<p><strong class=\"privacy-policy-tutorial\">Javasolt sz\u00f6veg: <\/strong>Ha hozz\u00e1sz\u00f3lunk, a hozz\u00e1sz\u00f3l\u00e1s \u00e9s annak metaadatai nem meghat\u00e1rozhat\u00f3 ideig a rendszerben maradnak. Ennek c\u00e9lja, hogy az \u00f6sszes ezt k\u00f6vet\u0151 b\u00e1rmely hozz\u00e1sz\u00f3l\u00e1s \u00e1ltalunk megismertt\u00e9 \u00e9s j\u00f3v\u00e1hagyott\u00e1 v\u00e1ljon, azaz ne ker\u00fclj\u00f6n fel a moder\u00e1land\u00f3 hozz\u00e1sz\u00f3l\u00e1sok list\u00e1j\u00e1ra.<\/p>\r\n<!-- \/wp:paragraph --><!-- wp:paragraph -->\r\n<p>A honlapon regisztr\u00e1lt felhaszn\u00e1l\u00f3k (ha vannak ilyenek) szem\u00e9lyes adatai a saj\u00e1t felhaszn\u00e1l\u00f3i profiljukban is t\u00e1rol\u00e1sra ker\u00fclnek. Minden felhaszn\u00e1l\u00f3 megtekintheti, szerkesztheti vagy t\u00f6r\u00f6lheti a szem\u00e9lyes adatait b\u00e1rmikor (kiv\u00e9ve, hogy nem v\u00e1ltoztathatja meg a saj\u00e1t felhaszn\u00e1l\u00f3i nev\u00e9t). A honlap rendszergazd\u00e1i ezen inform\u00e1ci\u00f3kat szint\u00e9n megtekinthetik \u00e9s szerkeszthetik.<\/p>\r\n<!-- \/wp:paragraph --><!-- wp:heading -->\r\n<h2>Milyen jogokkal rendelkezik a felhaszn\u00e1l\u00f3 a saj\u00e1t adatai kapcs\u00e1n<\/h2>\r\n<!-- \/wp:heading --><!-- wp:paragraph -->\r\n<p><strong class=\"privacy-policy-tutorial\">Javasolt sz\u00f6veg: <\/strong>A weboldalon regisztr\u00e1lt fi\u00f3k vagy hozz\u00e1sz\u00f3l\u00e1s \u00edr\u00e1sa eset\u00e9n k\u00e9rhet\u0151 a szem\u00e9lyes adatok export f\u00e1jlban t\u00f6rt\u00e9n\u0151 megk\u00fcld\u00e9se, amely b\u00e1rmilyen adatot tartalmaz, amit kor\u00e1bban a felhaszn\u00e1l\u00f3 rendelkez\u00e9s\u00fcnkre bocs\u00e1tott. K\u00e9rhet\u0151 tov\u00e1bb\u00e1, hogy b\u00e1rmilyen kor\u00e1bban megadott szem\u00e9lyes adatot t\u00f6r\u00f6lj\u00fck. Ez nem vonatkozik azokra az adatokra, amelyeket adminisztr\u00e1ci\u00f3s, jogi vagy biztons\u00e1gi okokb\u00f3l k\u00f6telez\u0151 meg\u0151rizn\u00fcnk.<\/p>\r\n<!-- \/wp:paragraph --><!-- wp:heading -->\r\n<h2>Hov\u00e1 tov\u00e1bb\u00edtjuk az adatokat<\/h2>\r\n<!-- \/wp:heading --><!-- wp:paragraph -->\r\n<p><strong class=\"privacy-policy-tutorial\">Javasolt sz\u00f6veg: <\/strong>A l\u00e1togat\u00f3k \u00e1ltal bek\u00fcld\u00f6tt hozz\u00e1sz\u00f3l\u00e1sokat automatikus spamsz\u0171r\u0151 szolg\u00e1ltat\u00e1s ellen\u0151rizheti.<\/p>\r\n<!-- \/wp:paragraph -->","_et_gb_content_width":"","_monsterinsights_skip_tracking":false,"_monsterinsights_sitenote_active":false,"_monsterinsights_sitenote_note":"","_monsterinsights_sitenote_category":0,"footnotes":""},"class_list":["post-3","page","type-page","status-publish","hentry"],"yoast_head":"<!-- This site is optimized with the Yoast SEO plugin v19.9 - https:\/\/yoast.com\/wordpress\/plugins\/seo\/ -->\n<title>Adatkezel\u00e9si T\u00e1j\u00e9koztat\u00f3 &mdash; Dora Silagyi Jewellery<\/title>\n<meta name=\"robots\" content=\"index, follow, max-snippet:-1, max-image-preview:large, max-video-preview:-1\" \/>\n<link rel=\"canonical\" href=\"https:\/\/dorasilagyi.hu\/en\/adatkezelesi-tajekoztato\/\" \/>\n<meta property=\"og:locale\" content=\"en_GB\" \/>\n<meta property=\"og:type\" content=\"article\" \/>\n<meta property=\"og:title\" content=\"Adatkezel\u00e9si T\u00e1j\u00e9koztat\u00f3 &mdash; Dora Silagyi Jewellery\" \/>\n<meta property=\"og:description\" content=\"[et_pb_section fb_built=&#8221;1&#8243; _builder_version=&#8221;4.9.4&#8243; _module_preset=&#8221;default&#8221; da_disable_devices=&#8221;off|off|off&#8221; da_is_popup=&#8221;off&#8221; da_exit_intent=&#8221;off&#8221; da_has_close=&#8221;on&#8221; da_alt_close=&#8221;off&#8221; da_dark_close=&#8221;off&#8221; da_not_modal=&#8221;on&#8221; da_is_singular=&#8221;off&#8221; da_with_loader=&#8221;off&#8221; da_has_shadow=&#8221;on&#8221;][et_pb_row _builder_version=&#8221;4.9.4&#8243; _module_preset=&#8221;default&#8221;][et_pb_column type=&#8221;4_4&#8243; _builder_version=&#8221;4.9.4&#8243; _module_preset=&#8221;default&#8221;][et_pb_text _builder_version=&#8221;4.9.4&#8243; _module_preset=&#8221;default&#8221; hover_enabled=&#8221;0&#8243; sticky_enabled=&#8221;0&#8243;] Adatkezel\u00e9si T\u00e1j\u00e9koztat\u00f3 2021. m\u00e1jus 1.\u00a0 Dora Silagyi Jewellery Adatkezel\u00e9si T\u00e1j\u00e9koztat\u00f3ja\u00a0 BEVEZET\u00c9S\u00a0 Jelen adatv\u00e9delmi t\u00e1j\u00e9koztat\u00f3 (a tov\u00e1bbiakban: T\u00e1j\u00e9koztat\u00f3) az \u00e1ltal\u00e1nos\u00a0 adatv\u00e9delmi rendelet (GDPR)1, az Infotv.2, valamint a Webshop m\u0171k\u00f6d\u00e9se\u00a0 szempontj\u00e1b\u00f3l relev\u00e1ns tov\u00e1bbi jogszab\u00e1lyok [&hellip;]\" \/>\n<meta property=\"og:url\" content=\"https:\/\/dorasilagyi.hu\/en\/adatkezelesi-tajekoztato\/\" \/>\n<meta property=\"og:site_name\" content=\"Dora Silagyi Jewellery\" \/>\n<meta property=\"article:publisher\" content=\"https:\/\/www.facebook.com\/Dora-Silagyi-Jewellery-109313484673073\" \/>\n<meta property=\"article:modified_time\" content=\"2021-06-02T15:19:07+00:00\" \/>\n<meta name=\"twitter:card\" content=\"summary_large_image\" \/>\n<meta name=\"twitter:label1\" content=\"Estimated reading time\" \/>\n\t<meta name=\"twitter:data1\" content=\"43 minutes\" \/>\n<script type=\"application\/ld+json\" class=\"yoast-schema-graph\">{\"@context\":\"https:\/\/schema.org\",\"@graph\":[{\"@type\":\"WebPage\",\"@id\":\"https:\/\/dorasilagyi.hu\/adatkezelesi-tajekoztato\/\",\"url\":\"https:\/\/dorasilagyi.hu\/adatkezelesi-tajekoztato\/\",\"name\":\"Adatkezel\u00e9si T\u00e1j\u00e9koztat\u00f3 &mdash; Dora Silagyi Jewellery\",\"isPartOf\":{\"@id\":\"https:\/\/dorasilagyi.hu\/#website\"},\"datePublished\":\"2021-04-14T17:23:36+00:00\",\"dateModified\":\"2021-06-02T15:19:07+00:00\",\"breadcrumb\":{\"@id\":\"https:\/\/dorasilagyi.hu\/adatkezelesi-tajekoztato\/#breadcrumb\"},\"inLanguage\":\"en-GB\",\"potentialAction\":[{\"@type\":\"ReadAction\",\"target\":[\"https:\/\/dorasilagyi.hu\/adatkezelesi-tajekoztato\/\"]}]},{\"@type\":\"BreadcrumbList\",\"@id\":\"https:\/\/dorasilagyi.hu\/adatkezelesi-tajekoztato\/#breadcrumb\",\"itemListElement\":[{\"@type\":\"ListItem\",\"position\":1,\"name\":\"Kezd\u0151lap\",\"item\":\"https:\/\/dorasilagyi.hu\/\"},{\"@type\":\"ListItem\",\"position\":2,\"name\":\"Adatkezel\u00e9si T\u00e1j\u00e9koztat\u00f3\"}]},{\"@type\":\"WebSite\",\"@id\":\"https:\/\/dorasilagyi.hu\/#website\",\"url\":\"https:\/\/dorasilagyi.hu\/\",\"name\":\"Dora Silagyi Jewellery\",\"description\":\"Sophisticated, timeless jewellery design\",\"publisher\":{\"@id\":\"https:\/\/dorasilagyi.hu\/#organization\"},\"potentialAction\":[{\"@type\":\"SearchAction\",\"target\":{\"@type\":\"EntryPoint\",\"urlTemplate\":\"https:\/\/dorasilagyi.hu\/?s={search_term_string}\"},\"query-input\":\"required name=search_term_string\"}],\"inLanguage\":\"en-GB\"},{\"@type\":\"Organization\",\"@id\":\"https:\/\/dorasilagyi.hu\/#organization\",\"name\":\"Dora Silagyi Jewellery\",\"url\":\"https:\/\/dorasilagyi.hu\/\",\"logo\":{\"@type\":\"ImageObject\",\"inLanguage\":\"en-GB\",\"@id\":\"https:\/\/dorasilagyi.hu\/#\/schema\/logo\/image\/\",\"url\":\"https:\/\/dorasilagyi.hu\/wp-content\/uploads\/2021\/05\/logowebre.png\",\"contentUrl\":\"https:\/\/dorasilagyi.hu\/wp-content\/uploads\/2021\/05\/logowebre.png\",\"width\":586,\"height\":431,\"caption\":\"Dora Silagyi Jewellery\"},\"image\":{\"@id\":\"https:\/\/dorasilagyi.hu\/#\/schema\/logo\/image\/\"},\"sameAs\":[\"https:\/\/www.instagram.com\/dorasilagyi\/\",\"https:\/\/www.facebook.com\/Dora-Silagyi-Jewellery-109313484673073\"]}]}<\/script>\n<!-- \/ Yoast SEO plugin. -->","yoast_head_json":{"title":"Adatkezel\u00e9si T\u00e1j\u00e9koztat\u00f3 &mdash; Dora Silagyi Jewellery","robots":{"index":"index","follow":"follow","max-snippet":"max-snippet:-1","max-image-preview":"max-image-preview:large","max-video-preview":"max-video-preview:-1"},"canonical":"https:\/\/dorasilagyi.hu\/en\/adatkezelesi-tajekoztato\/","og_locale":"en_GB","og_type":"article","og_title":"Adatkezel\u00e9si T\u00e1j\u00e9koztat\u00f3 &mdash; Dora Silagyi Jewellery","og_description":"[et_pb_section fb_built=&#8221;1&#8243; _builder_version=&#8221;4.9.4&#8243; _module_preset=&#8221;default&#8221; da_disable_devices=&#8221;off|off|off&#8221; da_is_popup=&#8221;off&#8221; da_exit_intent=&#8221;off&#8221; da_has_close=&#8221;on&#8221; da_alt_close=&#8221;off&#8221; da_dark_close=&#8221;off&#8221; da_not_modal=&#8221;on&#8221; da_is_singular=&#8221;off&#8221; da_with_loader=&#8221;off&#8221; da_has_shadow=&#8221;on&#8221;][et_pb_row _builder_version=&#8221;4.9.4&#8243; _module_preset=&#8221;default&#8221;][et_pb_column type=&#8221;4_4&#8243; _builder_version=&#8221;4.9.4&#8243; _module_preset=&#8221;default&#8221;][et_pb_text _builder_version=&#8221;4.9.4&#8243; _module_preset=&#8221;default&#8221; hover_enabled=&#8221;0&#8243; sticky_enabled=&#8221;0&#8243;] Adatkezel\u00e9si T\u00e1j\u00e9koztat\u00f3 2021. m\u00e1jus 1.\u00a0 Dora Silagyi Jewellery Adatkezel\u00e9si T\u00e1j\u00e9koztat\u00f3ja\u00a0 BEVEZET\u00c9S\u00a0 Jelen adatv\u00e9delmi t\u00e1j\u00e9koztat\u00f3 (a tov\u00e1bbiakban: T\u00e1j\u00e9koztat\u00f3) az \u00e1ltal\u00e1nos\u00a0 adatv\u00e9delmi rendelet (GDPR)1, az Infotv.2, valamint a Webshop m\u0171k\u00f6d\u00e9se\u00a0 szempontj\u00e1b\u00f3l relev\u00e1ns tov\u00e1bbi jogszab\u00e1lyok [&hellip;]","og_url":"https:\/\/dorasilagyi.hu\/en\/adatkezelesi-tajekoztato\/","og_site_name":"Dora Silagyi Jewellery","article_publisher":"https:\/\/www.facebook.com\/Dora-Silagyi-Jewellery-109313484673073","article_modified_time":"2021-06-02T15:19:07+00:00","twitter_card":"summary_large_image","twitter_misc":{"Estimated reading time":"43 minutes"},"schema":{"@context":"https:\/\/schema.org","@graph":[{"@type":"WebPage","@id":"https:\/\/dorasilagyi.hu\/adatkezelesi-tajekoztato\/","url":"https:\/\/dorasilagyi.hu\/adatkezelesi-tajekoztato\/","name":"Adatkezel\u00e9si T\u00e1j\u00e9koztat\u00f3 &mdash; Dora Silagyi Jewellery","isPartOf":{"@id":"https:\/\/dorasilagyi.hu\/#website"},"datePublished":"2021-04-14T17:23:36+00:00","dateModified":"2021-06-02T15:19:07+00:00","breadcrumb":{"@id":"https:\/\/dorasilagyi.hu\/adatkezelesi-tajekoztato\/#breadcrumb"},"inLanguage":"en-GB","potentialAction":[{"@type":"ReadAction","target":["https:\/\/dorasilagyi.hu\/adatkezelesi-tajekoztato\/"]}]},{"@type":"BreadcrumbList","@id":"https:\/\/dorasilagyi.hu\/adatkezelesi-tajekoztato\/#breadcrumb","itemListElement":[{"@type":"ListItem","position":1,"name":"Kezd\u0151lap","item":"https:\/\/dorasilagyi.hu\/"},{"@type":"ListItem","position":2,"name":"Adatkezel\u00e9si T\u00e1j\u00e9koztat\u00f3"}]},{"@type":"WebSite","@id":"https:\/\/dorasilagyi.hu\/#website","url":"https:\/\/dorasilagyi.hu\/","name":"Dora Silagyi Jewellery","description":"Sophisticated, timeless jewellery design","publisher":{"@id":"https:\/\/dorasilagyi.hu\/#organization"},"potentialAction":[{"@type":"SearchAction","target":{"@type":"EntryPoint","urlTemplate":"https:\/\/dorasilagyi.hu\/?s={search_term_string}"},"query-input":"required name=search_term_string"}],"inLanguage":"en-GB"},{"@type":"Organization","@id":"https:\/\/dorasilagyi.hu\/#organization","name":"Dora Silagyi Jewellery","url":"https:\/\/dorasilagyi.hu\/","logo":{"@type":"ImageObject","inLanguage":"en-GB","@id":"https:\/\/dorasilagyi.hu\/#\/schema\/logo\/image\/","url":"https:\/\/dorasilagyi.hu\/wp-content\/uploads\/2021\/05\/logowebre.png","contentUrl":"https:\/\/dorasilagyi.hu\/wp-content\/uploads\/2021\/05\/logowebre.png","width":586,"height":431,"caption":"Dora Silagyi Jewellery"},"image":{"@id":"https:\/\/dorasilagyi.hu\/#\/schema\/logo\/image\/"},"sameAs":["https:\/\/www.instagram.com\/dorasilagyi\/","https:\/\/www.facebook.com\/Dora-Silagyi-Jewellery-109313484673073"]}]}},"_links":{"self":[{"href":"https:\/\/dorasilagyi.hu\/en\/wp-json\/wp\/v2\/pages\/3","targetHints":{"allow":["GET"]}}],"collection":[{"href":"https:\/\/dorasilagyi.hu\/en\/wp-json\/wp\/v2\/pages"}],"about":[{"href":"https:\/\/dorasilagyi.hu\/en\/wp-json\/wp\/v2\/types\/page"}],"author":[{"embeddable":true,"href":"https:\/\/dorasilagyi.hu\/en\/wp-json\/wp\/v2\/users\/1"}],"replies":[{"embeddable":true,"href":"https:\/\/dorasilagyi.hu\/en\/wp-json\/wp\/v2\/comments?post=3"}],"version-history":[{"count":5,"href":"https:\/\/dorasilagyi.hu\/en\/wp-json\/wp\/v2\/pages\/3\/revisions"}],"predecessor-version":[{"id":1554,"href":"https:\/\/dorasilagyi.hu\/en\/wp-json\/wp\/v2\/pages\/3\/revisions\/1554"}],"wp:attachment":[{"href":"https:\/\/dorasilagyi.hu\/en\/wp-json\/wp\/v2\/media?parent=3"}],"curies":[{"name":"wp","href":"https:\/\/api.w.org\/{rel}","templated":true}]}}